{"id":19,"date":"2024-06-27T11:42:13","date_gmt":"2024-06-27T09:42:13","guid":{"rendered":"https:\/\/laboratoriorabin.eu\/?page_id=19"},"modified":"2026-02-18T14:36:06","modified_gmt":"2026-02-18T13:36:06","slug":"chi-siamo","status":"publish","type":"page","link":"https:\/\/laboratoriorabin.eu\/index.php\/chi-siamo\/","title":{"rendered":"Chi siamo: il comitato scientifico"},"content":{"rendered":"\r\n<p style=\"text-align: justify;\"><em>(pagina in progress)<\/em><\/p>\r\n<p style=\"text-align: justify;\">Il cuore del Laboratorio \u00e8 rappresentato dal <strong>Comitato scientifico<\/strong>, formato da circa 40 donne e uomini della cultura, della politica, delle professioni, con differenti profili accademici e politici, che condividono un comune impegno nella ricerca e nell\u2019attivismo. Le funzioni di proposta, coordinamento ed esecuzione sono affidate a un <strong>Consiglio direttivo<\/strong>.<\/p>\r\n<h2>\r\n\r\n<\/h2>\r\n<p style=\"text-align: justify;\">Il laboratorio \u00e8 orientato a svolgere attivit\u00e0 di divulgazione, formazione e approfondimento su <strong>tre filoni di indagine<\/strong>:<\/p>\r\n<ul>\r\n<li style=\"text-align: justify;\"><strong>Israele oggi:<\/strong> uno sguardo sulla societ\u00e0, la cultura e la politica in Israele e sui rapporti di queste con le comunit\u00e0 ebraiche nel mondo e le pi\u00f9 complessive dinamiche internazionali;<\/li>\r\n\r\n\r\n\r\n<li style=\"text-align: justify;\"><strong>il sionismo e i sionismi<\/strong>, sia in prospettiva storica sia in funzione del dibattito contemporaneo;<\/li>\r\n\r\n\r\n\r\n<li style=\"text-align: justify;\"><strong>l\u2019antisemitismo<\/strong>, con i suoi effetti sulla politica, sulla propaganda, sul dibattito pubblico, sull\u2019educazione.<\/li>\r\n<\/ul>\r\n<p>&nbsp;<\/p>\r\n<p><img loading=\"lazy\" decoding=\"async\" class=\"size-full wp-image-27 aligncenter\" src=\"https:\/\/laboratoriorabin.eu\/wp-content\/uploads\/2024\/06\/logo-Lab-Rabin.jpg\" alt=\"\" width=\"493\" height=\"278\" srcset=\"https:\/\/laboratoriorabin.eu\/wp-content\/uploads\/2024\/06\/logo-Lab-Rabin.jpg 493w, https:\/\/laboratoriorabin.eu\/wp-content\/uploads\/2024\/06\/logo-Lab-Rabin-300x169.jpg 300w\" sizes=\"auto, (max-width: 493px) 100vw, 493px\" \/><\/p>\r\n<h1 class=\"wp-block-heading\"><strong>Comitato Scientifico\u00a0<\/strong><\/h1>\r\n<div class=\"wp-block-group\">\r\n<div class=\"wp-block-group\"><strong><img loading=\"lazy\" decoding=\"async\" class=\"wp-image-231 alignnone\" src=\"https:\/\/laboratoriorabin.eu\/wp-content\/uploads\/2026\/02\/alessandrini-1008x1024.jpg\" alt=\"\" width=\"164\" height=\"167\" srcset=\"https:\/\/laboratoriorabin.eu\/wp-content\/uploads\/2026\/02\/alessandrini-1008x1024.jpg 1008w, https:\/\/laboratoriorabin.eu\/wp-content\/uploads\/2026\/02\/alessandrini-295x300.jpg 295w, https:\/\/laboratoriorabin.eu\/wp-content\/uploads\/2026\/02\/alessandrini-768x780.jpg 768w, https:\/\/laboratoriorabin.eu\/wp-content\/uploads\/2026\/02\/alessandrini-1511x1536.jpg 1511w, https:\/\/laboratoriorabin.eu\/wp-content\/uploads\/2026\/02\/alessandrini-2015x2048.jpg 2015w\" sizes=\"auto, (max-width: 164px) 100vw, 164px\" \/><\/strong>\r\n<p><strong>Alessandrini <\/strong><strong>Luca <\/strong>&#8211; storico.<\/p>\r\n<p><em>Dal 1992 al 2020 \u00e8 stato direttore dell\u2019Istituto Storico Parri Emilia-Romagna di Bologna, dalla sua fondazione nel 2003 al 2022 \u00e8 stato direttore del Museo della Resistenza di Bologna.<\/em><\/p>\r\n<\/div>\r\n<p><em>\u00c8 presidente dell&#8217;associazione Salviamo la Costituzione di Bologna.<\/em><\/p>\r\n<\/div>\r\n<div class=\"wp-block-group\">\r\n<p>&nbsp;<\/p>\r\n<p><img loading=\"lazy\" decoding=\"async\" class=\"wp-image-234 aligncenter\" src=\"https:\/\/laboratoriorabin.eu\/wp-content\/uploads\/2026\/02\/ascarelli.jpg\" alt=\"\" width=\"310\" height=\"162\" srcset=\"https:\/\/laboratoriorabin.eu\/wp-content\/uploads\/2026\/02\/ascarelli.jpg 474w, https:\/\/laboratoriorabin.eu\/wp-content\/uploads\/2026\/02\/ascarelli-300x157.jpg 300w\" sizes=\"auto, (max-width: 310px) 100vw, 310px\" \/><\/p>\r\n<p><strong>Ascarelli Roberta<\/strong> &#8211; germanista<\/p>\r\n<p><em>Nata a Napoli, ordinario di Lingua e letteratura tedesca all\u2019Universit\u00e0 di Siena &#8211; sede di Arezzo. La sua area di ricerca principale \u00e8 la Letteratura austriaca tra Ottocento e Novecento. In quest&#8217;ambito ha scritto numerosi saggi su autori austriaci fin de si\u00e8cle (Roth, Zweig, Perutz, Canetti, Buber), e due volumi, una monografia su Schnitzler (Arthur Schnitzler, 1995) e una su Hugo von Hofmannsthal (2004).<\/em><\/p>\r\n<p><a href=\"https:\/\/www.dfclam.unisi.it\/it\/ascarelli-roberta\">leggi di pi\u00f9<\/a><\/p>\r\n<p>&nbsp;<\/p>\r\n<\/div>\r\n<p><img loading=\"lazy\" decoding=\"async\" class=\"wp-image-232 aligncenter\" src=\"https:\/\/laboratoriorabin.eu\/wp-content\/uploads\/2026\/02\/ascoli.jpeg\" alt=\"\" width=\"163\" height=\"163\" srcset=\"https:\/\/laboratoriorabin.eu\/wp-content\/uploads\/2026\/02\/ascoli.jpeg 300w, https:\/\/laboratoriorabin.eu\/wp-content\/uploads\/2026\/02\/ascoli-150x150.jpeg 150w\" sizes=\"auto, (max-width: 163px) 100vw, 163px\" \/><\/p>\r\n<div class=\"wp-block-group\">\r\n<div class=\"wp-block-group\">\r\n<p><strong>Ascoli\u00a0<\/strong><strong>Michael<\/strong>\u00a0&#8211; rabbino e ingegnere<\/p>\r\n<p><em>Romano, si laurea in Ingegneria Meccanica nel 1996, dal 1998 \u00e8 Project Manager prima in Italia poi in Israele. Consegue il titolo di rabbino al Collegio Rabbinico Italiano nel 2004. \u00c8 ministro di culto a Modena tra il 1992 ed il1995. \u00c8 docente al Collegio Rabbinico Italiano dal 1996 al 2010, e assistente del Rabbino Capo di Roma dal\u00a0 2007 al 2010. Nel 2010 si trasferisce a Haifa in Israele proseguendo la sua attivit\u00e0 professionale di Project Manager. Attualmente \u00e8 uno dei curatori del <a href=\"https:\/\/www.talmud.it\/it\/\">&#8220;progetto Talmud&#8221;<\/a><\/em><\/p>\r\n<p>&nbsp;<\/p>\r\n<p><strong><img loading=\"lazy\" decoding=\"async\" class=\" wp-image-299 aligncenter\" src=\"https:\/\/laboratoriorabin.eu\/wp-content\/uploads\/2026\/02\/ballarin-747x1024.jpeg\" alt=\"\" width=\"168\" height=\"230\" srcset=\"https:\/\/laboratoriorabin.eu\/wp-content\/uploads\/2026\/02\/ballarin-747x1024.jpeg 747w, https:\/\/laboratoriorabin.eu\/wp-content\/uploads\/2026\/02\/ballarin-219x300.jpeg 219w, https:\/\/laboratoriorabin.eu\/wp-content\/uploads\/2026\/02\/ballarin-768x1053.jpeg 768w, https:\/\/laboratoriorabin.eu\/wp-content\/uploads\/2026\/02\/ballarin-1120x1536.jpeg 1120w, https:\/\/laboratoriorabin.eu\/wp-content\/uploads\/2026\/02\/ballarin.jpeg 1167w\" sizes=\"auto, (max-width: 168px) 100vw, 168px\" \/><\/strong><\/p>\r\n<p><strong>Ballarin Anna <\/strong>&#8211; educatrice<\/p>\r\n<p><em>Collabora con l&#8217;istituto italiano di cultura di Berlino<\/em><\/p>\r\n<p>Leggi di pi\u00f9: <a href=\"https:\/\/laboratoriorabin.eu\/wp-content\/uploads\/2026\/02\/BIOGRAFIA-ANNA-BALLARIN-DENTI.pdf\">BIOGRAFIA-ANNA BALLARIN DENTI<\/a><\/p>\r\n<p>&nbsp;<\/p>\r\n<p><strong>Bonanno Mauro<\/strong> &#8211; editore<\/p>\r\n<p><a href=\"https:\/\/www.gebonanno.com\/\">leggi di pi\u00f9<\/a><\/p>\r\n<p>&nbsp;<\/p>\r\n<p><strong><img loading=\"lazy\" decoding=\"async\" class=\"wp-image-237 aligncenter\" src=\"https:\/\/laboratoriorabin.eu\/wp-content\/uploads\/2026\/02\/me.jpg\" alt=\"\" width=\"148\" height=\"148\" srcset=\"https:\/\/laboratoriorabin.eu\/wp-content\/uploads\/2026\/02\/me.jpg 462w, https:\/\/laboratoriorabin.eu\/wp-content\/uploads\/2026\/02\/me-300x300.jpg 300w, https:\/\/laboratoriorabin.eu\/wp-content\/uploads\/2026\/02\/me-150x150.jpg 150w\" sizes=\"auto, (max-width: 148px) 100vw, 148px\" \/><\/strong><\/p>\r\n<p><strong>Boni <\/strong><strong>Massimiliano <\/strong>&#8211; Presidente del Laboratorio Rabin<\/p>\r\n<p><em>Consigliere della Corte costituzionale, delegato IHRA, scrittore.<\/em><\/p>\r\n<p><a href=\"https:\/\/www.bonimassimiliano.com\/\">Leggi di pi\u00f9<\/a><\/p>\r\n<p>&nbsp;<\/p>\r\n<p><strong>Bregola\u00a0<\/strong><strong>Irene <\/strong>&#8211; filosofa,<\/p>\r\n<p>Ist. Rinascimento Firenze<\/p>\r\n<p>&nbsp;<\/p>\r\n<p><span data-olk-copy-source=\"MessageBody\"><strong><img loading=\"lazy\" decoding=\"async\" class=\" wp-image-265 aligncenter\" src=\"https:\/\/laboratoriorabin.eu\/wp-content\/uploads\/2026\/02\/IMG_8212.png\" alt=\"\" width=\"141\" height=\"141\" srcset=\"https:\/\/laboratoriorabin.eu\/wp-content\/uploads\/2026\/02\/IMG_8212.png 385w, https:\/\/laboratoriorabin.eu\/wp-content\/uploads\/2026\/02\/IMG_8212-300x300.png 300w, https:\/\/laboratoriorabin.eu\/wp-content\/uploads\/2026\/02\/IMG_8212-150x150.png 150w\" sizes=\"auto, (max-width: 141px) 100vw, 141px\" \/><\/strong><\/span><\/p>\r\n<p><span data-olk-copy-source=\"MessageBody\"><strong>Burckhardt <\/strong><strong>Till <\/strong>&#8211; economista<\/span><\/p>\r\n<p><em>Ricercatore associato in politiche linguistiche all\u2019Universit\u00e0 di Ginevra. Membro fondatore del Forum svizzero di politica estera (foraus) e del movimento civico Operazione Libero.\u00a0<\/em><\/p>\r\n<p>&nbsp;<\/p>\r\n<\/div>\r\n<p><strong>Calabi <\/strong><strong>Clotilde <\/strong>&#8211; filosofa<\/p>\r\n<p><em>Insegna Teorie del Linguaggio e della Mente all&#8217;Universit\u00e0 Statale di Milano. Ha studiato alle universit\u00e0 di Milano, Irvine e Ginevra e scritto saggi sulle emozioni, l&#8217;attenzione e la percezione. Oggi i suoi interessi vertono principalmente su argomenti nell&#8217;ambito della filosofia della percezione.<\/em><\/p>\r\n<p>&nbsp;<\/p>\r\n<p><img loading=\"lazy\" decoding=\"async\" class=\"wp-image-233 aligncenter\" src=\"https:\/\/laboratoriorabin.eu\/wp-content\/uploads\/2026\/02\/campelli-400x400-1.jpg\" alt=\"\" width=\"141\" height=\"141\" srcset=\"https:\/\/laboratoriorabin.eu\/wp-content\/uploads\/2026\/02\/campelli-400x400-1.jpg 400w, https:\/\/laboratoriorabin.eu\/wp-content\/uploads\/2026\/02\/campelli-400x400-1-300x300.jpg 300w, https:\/\/laboratoriorabin.eu\/wp-content\/uploads\/2026\/02\/campelli-400x400-1-150x150.jpg 150w\" sizes=\"auto, (max-width: 141px) 100vw, 141px\" \/><\/p>\r\n<p><strong>Campelli<\/strong>\u00a0<strong>Enrico <\/strong>&#8211; ricercatore di diritto pubblico e internazionale<\/p>\r\n<p><em>Dottore di ricerca in \u201cTeoria dello Stato ed Istituzioni Politiche Comparate\u201d (Roma La Sapienza) e M.A. in \u201cConflict Resolution and Mediation\u201d (Tel Aviv University).<\/em><br \/><em>Gi\u00e0 assegnista di Diritto pubblico comparato presso l\u2019Universit\u00e0 degli Studi di Sassari e di Roma \u201cLa Sapienza\u201d, \u00e8 attualmente docente a contratto di \u201cComparative Constitutional Law\u201d presso l\u2019Universit\u00e0 degli Studi di Roma \u201cLumsa\u201d e\u00a0charg\u00e9 de cours\u00a0di \u201cContemporary Constitutional Law\u201d presso SciencesPo Menton.<\/em><\/p>\r\n<p>&nbsp;<\/p>\r\n<p><strong><img loading=\"lazy\" decoding=\"async\" class=\"wp-image-239 aligncenter\" src=\"https:\/\/laboratoriorabin.eu\/wp-content\/uploads\/2026\/02\/ariel.jpg\" alt=\"\" width=\"275\" height=\"154\" srcset=\"https:\/\/laboratoriorabin.eu\/wp-content\/uploads\/2026\/02\/ariel.jpg 474w, https:\/\/laboratoriorabin.eu\/wp-content\/uploads\/2026\/02\/ariel-300x168.jpg 300w\" sizes=\"auto, (max-width: 275px) 100vw, 275px\" \/><\/strong><\/p>\r\n<\/div>\r\n<p><strong>Dello Strologo <\/strong><strong>Ariel <\/strong>&#8211; avvocato<\/p>\r\n<div class=\"wp-block-group\">\r\n<p><em>Gi\u00e0 consigliere Ucei e consigliere al Comune di Genova.<\/em><\/p>\r\n<p><a href=\"https:\/\/gpdlex.com\/avvocati\/ariel-dello-strologo\/\">Leggi di pi\u00f9<\/a><\/p>\r\n<img loading=\"lazy\" decoding=\"async\" class=\" wp-image-289 aligncenter\" src=\"https:\/\/laboratoriorabin.eu\/wp-content\/uploads\/2026\/02\/manuel-disegni.jpg\" alt=\"\" width=\"228\" height=\"169\" srcset=\"https:\/\/laboratoriorabin.eu\/wp-content\/uploads\/2026\/02\/manuel-disegni.jpg 474w, https:\/\/laboratoriorabin.eu\/wp-content\/uploads\/2026\/02\/manuel-disegni-300x222.jpg 300w\" sizes=\"auto, (max-width: 228px) 100vw, 228px\" \/><\/div>\r\n<div><strong>Disegni Manuel <\/strong>&#8211;\u00a0filosofo<\/div>\r\n<p><em>giornalista professionista; dottore di ricerca in Storia della filosofia<\/em><\/p>\r\n<div class=\"wp-block-group\">\r\n<p><strong><img loading=\"lazy\" decoding=\"async\" class=\"wp-image-236 aligncenter\" src=\"https:\/\/laboratoriorabin.eu\/wp-content\/uploads\/2026\/02\/Anna-Foa.png\" alt=\"\" width=\"277\" height=\"156\" srcset=\"https:\/\/laboratoriorabin.eu\/wp-content\/uploads\/2026\/02\/Anna-Foa.png 1024w, https:\/\/laboratoriorabin.eu\/wp-content\/uploads\/2026\/02\/Anna-Foa-300x169.png 300w, https:\/\/laboratoriorabin.eu\/wp-content\/uploads\/2026\/02\/Anna-Foa-768x432.png 768w\" sizes=\"auto, (max-width: 277px) 100vw, 277px\" \/><\/strong><\/p>\r\n<p><strong>Foa Anna<\/strong> &#8211; storica<\/p>\r\n<p><em>Laureata in Storia moderna presso l\u2019Universit\u00e0 La Sapienza di Roma (1968) ha insegnato in diverse istituzioni italiane e internazionali, ricoprendo la cattedra di Storia moderna alla Sapienza (2000-10). Le sue ricerche, \u00a0focalizzate agli esordi della sua carriera scientifica sulla storia politica e religiosa dell\u2019Europa in et\u00e0 moderna (tra gli altri lavori, Gli intransigenti e la Rivoluzione francese, 1978;\u00a0Ateismo e magia,\u00a01980;\u00a0La stregoneria in Europa, 1980) si sono orientate nei decenni successivi sulla storia ebraica, con particolare riguardo ai temi della memoria e della diaspora e alla questione femminile.<\/em><\/p>\r\n<p><a href=\"https:\/\/www.treccani.it\/enciclopedia\/eol-foa-anna\/\">Leggi di pi\u00f9<\/a><\/p>\r\n<p><strong><img loading=\"lazy\" decoding=\"async\" class=\"wp-image-240 aligncenter\" src=\"https:\/\/laboratoriorabin.eu\/wp-content\/uploads\/2026\/02\/giuliani.jpg\" alt=\"\" width=\"123\" height=\"184\" srcset=\"https:\/\/laboratoriorabin.eu\/wp-content\/uploads\/2026\/02\/giuliani.jpg 474w, https:\/\/laboratoriorabin.eu\/wp-content\/uploads\/2026\/02\/giuliani-201x300.jpg 201w\" sizes=\"auto, (max-width: 123px) 100vw, 123px\" \/><\/strong><\/p>\r\n<p><strong>Giuliani<\/strong>\u00a0<strong>Massimo <\/strong>&#8211; docente di pensiero ebraico<\/p>\r\n<p><em>Professore associato di Pensiero ebraico presso l\u2019Universit\u00e0 di Trento. Studioso dell\u2019ebraismo moderno e contemporaneo, nonch\u00e9 del rapporto tra filosofia e pensiero ebraico, ha approfondito i temi legati alla Shoah, il giudaismo conservative americano e il dialogo ebraico-cristiano. Direttore <a href=\"https:\/\/www.castelvecchieditore.com\/prodotto\/avinu\/\">\u201cAvinu\u201d<\/a><\/em><\/p>\r\n<p>&nbsp;<\/p>\r\n<p><strong><img loading=\"lazy\" decoding=\"async\" class=\" wp-image-291 aligncenter\" src=\"https:\/\/laboratoriorabin.eu\/wp-content\/uploads\/2026\/02\/gorgoni.jpg\" alt=\"\" width=\"177\" height=\"177\" srcset=\"https:\/\/laboratoriorabin.eu\/wp-content\/uploads\/2026\/02\/gorgoni.jpg 470w, https:\/\/laboratoriorabin.eu\/wp-content\/uploads\/2026\/02\/gorgoni-300x300.jpg 300w, https:\/\/laboratoriorabin.eu\/wp-content\/uploads\/2026\/02\/gorgoni-150x150.jpg 150w\" sizes=\"auto, (max-width: 177px) 100vw, 177px\" \/><\/strong><\/p>\r\n<p><strong>Gorgoni\u00a0<\/strong><strong>Francesca <\/strong>&#8211; studiosa pensiero ebraico<\/p>\r\n<p><em>Si occupa di poesia, traduzione e trasmissione del sapere dal mondo antico al mondo medievale di lingua araba, ebraica e latina; docente di Filosofia ebraica medievale, Bar Ilan<\/em><\/p>\r\n<p>&nbsp;<\/p>\r\n<p><strong><img loading=\"lazy\" decoding=\"async\" class=\" wp-image-290 aligncenter\" src=\"https:\/\/laboratoriorabin.eu\/wp-content\/uploads\/2026\/02\/kajon.jpg\" alt=\"\" width=\"144\" height=\"197\" srcset=\"https:\/\/laboratoriorabin.eu\/wp-content\/uploads\/2026\/02\/kajon.jpg 474w, https:\/\/laboratoriorabin.eu\/wp-content\/uploads\/2026\/02\/kajon-220x300.jpg 220w\" sizes=\"auto, (max-width: 144px) 100vw, 144px\" \/><\/strong><\/p>\r\n<p><strong>Kajon<\/strong>\u00a0<strong>I<\/strong><strong>rene <\/strong>&#8211; storica<\/p>\r\n<p><em>Professoressa emerita di Storia della filosofia ebraica alla Sapienza Universit\u00e0 di Roma<\/em><\/p>\r\n<p>&nbsp;<\/p>\r\n<p><strong><img loading=\"lazy\" decoding=\"async\" class=\"wp-image-246 aligncenter\" src=\"https:\/\/laboratoriorabin.eu\/wp-content\/uploads\/2026\/02\/GLV.jpg\" alt=\"\" width=\"159\" height=\"159\" srcset=\"https:\/\/laboratoriorabin.eu\/wp-content\/uploads\/2026\/02\/GLV.jpg 200w, https:\/\/laboratoriorabin.eu\/wp-content\/uploads\/2026\/02\/GLV-150x150.jpg 150w\" sizes=\"auto, (max-width: 159px) 100vw, 159px\" \/><\/strong><\/p>\r\n<p><strong>Luzzatto Voghera<\/strong>\u00a0<strong>Gadi <\/strong>&#8211; storico<\/p>\r\n<p><em>Studioso di Storia contemporanea, specialista in Storia degli ebrei e dell\u2019antisemitismo, \u00e8 membro della delegazione italiana nell\u2019International Holocaust Remembrance Alliance (ihra). Fra le pubblicazioni pi\u00f9 significative ricordiamo\u00a0Antisemitismo. Domande e Risposte\u00a0(1994),\u00a0Il prezzo dell\u2019eguaglianza. Il dibattito sull\u2019emancipazione degli ebrei in Italia (1781-1848)\u00a0(1998),\u00a0Antisemitismo a sinistra\u00a0(2007),\u00a0Rabbini\u00a0(2011) e\u00a0Antisemitismo (2018).<\/em><\/p>\r\n<p><a href=\"https:\/\/www.cdec.it\/\">Leggi di pi\u00f9<\/a><\/p>\r\n<p>&nbsp;<\/p>\r\n<p><strong><img loading=\"lazy\" decoding=\"async\" class=\" wp-image-266 aligncenter\" src=\"https:\/\/laboratoriorabin.eu\/wp-content\/uploads\/2026\/02\/saul-meghnagi.jpg\" alt=\"\" width=\"251\" height=\"141\" srcset=\"https:\/\/laboratoriorabin.eu\/wp-content\/uploads\/2026\/02\/saul-meghnagi.jpg 474w, https:\/\/laboratoriorabin.eu\/wp-content\/uploads\/2026\/02\/saul-meghnagi-300x168.jpg 300w\" sizes=\"auto, (max-width: 251px) 100vw, 251px\" \/><\/strong><\/p>\r\n<p><strong>Meghnagi Saul<\/strong> &#8211; pedagogo<\/p>\r\n<p><em>Gi\u00e0 membro delegazione IHRA ed ex consigliere Ucei. Ha operato, prioritariamente, negli istituti ISF e IRES e fatto parte dei Consigli di amministrazione dell\u2019UIE (Istituto per l\u2019Educazione dell\u2019Unesco) e del CEDEFOP (Centro Europeo per lo Sviluppo della Formazione Professionale). Direttore scientifico dell\u2019Associazione di cultura ebraica HANS JONAS.\u00a0<\/em><\/p>\r\n<p><img loading=\"lazy\" decoding=\"async\" class=\" wp-image-250 aligncenter\" src=\"https:\/\/laboratoriorabin.eu\/wp-content\/uploads\/2026\/02\/meriggi.jpg\" alt=\"\" width=\"169\" height=\"169\" srcset=\"https:\/\/laboratoriorabin.eu\/wp-content\/uploads\/2026\/02\/meriggi.jpg 400w, https:\/\/laboratoriorabin.eu\/wp-content\/uploads\/2026\/02\/meriggi-300x300.jpg 300w, https:\/\/laboratoriorabin.eu\/wp-content\/uploads\/2026\/02\/meriggi-150x150.jpg 150w\" sizes=\"auto, (max-width: 169px) 100vw, 169px\" \/><\/p>\r\n<p><strong>Meriggi\u00a0<\/strong><strong>Maria Grazia <\/strong>&#8211; storica<\/p>\r\n<p><em>Storica dei movimenti sociali e delle culture politiche dei mondi del lavoro in Europa nell\u2019Ottocento e Novecento. Gi\u00e0 professoressa ordinaria all\u2019universit\u00e0 di Bergamo partecipa alle attivit\u00e0 e agli organismi direttivi della SISLav che ha contribuito a fondare.\u00a0 <\/em><em>Fra i suoi lavori pi\u00f9 recenti:\u00a0Entre fraternit\u00e9 et x\u00e9nophobie. Les mondes ouvriers parisiens dans l\u2019entre-deux-guerres et les probl\u00e8mes de la guerre et de la paix, Rouen, \u00e9ditions L\u2019arbre bleu 2018 e\u00a0La confederazione generale unitaria del lavoro e i lavoratori immigrati, Milano, Biblion 2023.<\/em><\/p>\r\n<p>&nbsp;<\/p>\r\n<p><strong><img loading=\"lazy\" decoding=\"async\" class=\" wp-image-268 aligncenter\" src=\"https:\/\/laboratoriorabin.eu\/wp-content\/uploads\/2026\/02\/fabio_nicolucci-480x480-1.jpg\" alt=\"\" width=\"159\" height=\"159\" srcset=\"https:\/\/laboratoriorabin.eu\/wp-content\/uploads\/2026\/02\/fabio_nicolucci-480x480-1.jpg 480w, https:\/\/laboratoriorabin.eu\/wp-content\/uploads\/2026\/02\/fabio_nicolucci-480x480-1-300x300.jpg 300w, https:\/\/laboratoriorabin.eu\/wp-content\/uploads\/2026\/02\/fabio_nicolucci-480x480-1-150x150.jpg 150w\" sizes=\"auto, (max-width: 159px) 100vw, 159px\" \/><\/strong><\/p>\r\n<p><strong>Nicolucci\u00a0<\/strong><strong>Fabio <\/strong>&#8211; esperto di relazioni internazionali<\/p>\r\n<p><em>Analista strategico dell\u2019Ispi e della Nato Defense College Foundation<\/em><\/p>\r\n<p>&nbsp;<\/p>\r\n<p><img loading=\"lazy\" decoding=\"async\" class=\"size-full wp-image-252 aligncenter\" src=\"https:\/\/laboratoriorabin.eu\/wp-content\/uploads\/2026\/02\/s200_simone.oggionni.jpg\" alt=\"\" width=\"200\" height=\"200\" srcset=\"https:\/\/laboratoriorabin.eu\/wp-content\/uploads\/2026\/02\/s200_simone.oggionni.jpg 200w, https:\/\/laboratoriorabin.eu\/wp-content\/uploads\/2026\/02\/s200_simone.oggionni-150x150.jpg 150w\" sizes=\"auto, (max-width: 200px) 100vw, 200px\" \/><\/p>\r\n<p><strong>Oggionni<\/strong>\u00a0<strong>Simone <\/strong>&#8211; storico dell&#8217;economia<\/p>\r\n<p><em>Ha conseguito il dottorato di ricerca presso l\u2019Universit\u00e0 di Roma Tor Vergata, dove svolge attivit\u00e0 didattica in Storia economica dell\u2019Europa contemporanea. Professore a contratto presso il Dipartimento di Economia e Giurisprudenza dell\u2019Universit\u00e0 degli Studi di Cassino e del Lazio Meridionale. \u00c8 caporedattore della rivista Rinascita.<\/em><\/p>\r\n<p>&nbsp;<\/p>\r\n<p><strong><img loading=\"lazy\" decoding=\"async\" class=\" wp-image-292 aligncenter\" src=\"https:\/\/laboratoriorabin.eu\/wp-content\/uploads\/2026\/02\/orvieto-F-768x1024.jpeg\" alt=\"\" width=\"157\" height=\"209\" srcset=\"https:\/\/laboratoriorabin.eu\/wp-content\/uploads\/2026\/02\/orvieto-F-768x1024.jpeg 768w, https:\/\/laboratoriorabin.eu\/wp-content\/uploads\/2026\/02\/orvieto-F-225x300.jpeg 225w, https:\/\/laboratoriorabin.eu\/wp-content\/uploads\/2026\/02\/orvieto-F-1152x1536.jpeg 1152w, https:\/\/laboratoriorabin.eu\/wp-content\/uploads\/2026\/02\/orvieto-F.jpeg 1200w\" sizes=\"auto, (max-width: 157px) 100vw, 157px\" \/><\/strong><\/p>\r\n<p><strong>Orvieto Francesco <\/strong>&#8211; docente<\/p>\r\n<p><em>Insegna presso il liceo &#8220;Mamiani&#8221; di Roma.<\/em>\u00a0<em>Componente del direttivo di &#8220;progetto Memoria&#8221;<\/em><\/p>\r\n<p><a href=\"https:\/\/www.progettomemoria.info\/\">Leggi di pi\u00f9<\/a><\/p>\r\n<p>&nbsp;<\/p>\r\n<p><strong><img loading=\"lazy\" decoding=\"async\" class=\" wp-image-293 aligncenter\" src=\"https:\/\/laboratoriorabin.eu\/wp-content\/uploads\/2026\/02\/pacchiani.jpg\" alt=\"\" width=\"165\" height=\"165\" srcset=\"https:\/\/laboratoriorabin.eu\/wp-content\/uploads\/2026\/02\/pacchiani.jpg 200w, https:\/\/laboratoriorabin.eu\/wp-content\/uploads\/2026\/02\/pacchiani-150x150.jpg 150w\" sizes=\"auto, (max-width: 165px) 100vw, 165px\" \/><\/strong><\/p>\r\n<p><strong>Pacchiani<\/strong>\u00a0<strong>Gianluca <\/strong>&#8211; giornalista<\/p>\r\n<p><em>Ha lavorato per &#8220;Times of Israele, attualmente lavora per &#8220;AP&#8221; in Israele<\/em><\/p>\r\n<p>&nbsp;<\/p>\r\n<p><strong><img loading=\"lazy\" decoding=\"async\" class=\"aligncenter\" src=\"https:\/\/tse1.mm.bing.net\/th\/id\/OIP.brqtQD2AxmzZVy9tbhQpBAHaHa?pid=Api\" alt=\"Niccol\u00f2 PANAINO | Universit\u00e0 degli Studi di Teramo, Teramo | UNITE ...\" width=\"160\" height=\"160\" \/><\/strong><\/p>\r\n<p><strong>Panaino Niccol\u00f2<\/strong> &#8211; storico<\/p>\r\n<p><em>Da settembre 2025 docente a contratto presso l\u2019Universit\u00e0 degli Studi di Milano.<\/em><\/p>\r\n<p><a href=\"https:\/\/www.sissco.it\/soci\/panaino-niccolo\/\">Leggi di pi\u00f9<\/a><\/p>\r\n<p>&nbsp;<\/p>\r\n<p><strong><img loading=\"lazy\" decoding=\"async\" class=\" wp-image-294 aligncenter\" src=\"https:\/\/laboratoriorabin.eu\/wp-content\/uploads\/2026\/02\/liaq.jpg\" alt=\"\" width=\"213\" height=\"164\" srcset=\"https:\/\/laboratoriorabin.eu\/wp-content\/uploads\/2026\/02\/liaq.jpg 474w, https:\/\/laboratoriorabin.eu\/wp-content\/uploads\/2026\/02\/liaq-300x231.jpg 300w\" sizes=\"auto, (max-width: 213px) 100vw, 213px\" \/><\/strong><\/p>\r\n<p><strong>Quartapelle\u00a0<\/strong><strong>Lia <\/strong>&#8211; parlamentare<\/p>\r\n<p><em>Parlamentare del Partito democratico. V<span class=\"color_42 wixui-rich-text__text\"><span class=\"wixui-rich-text__text\">ice presidente della\u00a0<\/span><\/span><span class=\"color_43 wixui-rich-text__text\"><span class=\"wixui-rich-text__text\">Commissione Affari Esteri e Comunitari<\/span><\/span><span class=\"color_42 wixui-rich-text__text\"><span class=\"wixui-rich-text__text\">\u00a0dal 2022.\u00a0<\/span><\/span><\/em><\/p>\r\n<p><a href=\"https:\/\/www.liaquartapelle.it\/cv\">leggi di pi\u00f9<\/a><\/p>\r\n<p><strong><img loading=\"lazy\" decoding=\"async\" class=\"size-full wp-image-298 aligncenter\" src=\"https:\/\/laboratoriorabin.eu\/wp-content\/uploads\/2026\/02\/raciti.jpg\" alt=\"\" width=\"165\" height=\"228\" \/><\/strong><\/p>\r\n<p><strong>Raciti\u00a0<\/strong><strong>Fausto <\/strong>&#8211; professionista<\/p>\r\n<p><em>Gi\u00e0 parlamentare PD.<\/em><\/p>\r\n<p>&nbsp;<\/p>\r\n<p><strong><img loading=\"lazy\" decoding=\"async\" class=\" wp-image-297 aligncenter\" src=\"https:\/\/laboratoriorabin.eu\/wp-content\/uploads\/2026\/02\/sasso.webp\" alt=\"\" width=\"150\" height=\"222\" \/><\/strong><\/p>\r\n<p><strong>Sasso<\/strong>\u00a0<strong>Federica <\/strong>&#8211; giornalista<\/p>\r\n<p><em>lavora a Gerusalemme per il Rossing Center for Education and Dialogue, ong composta da Israeliani e Palestinesi impegnati a costruire una societ\u00e0 pi\u00f9 giusta e inclusiva.<\/em><\/p>\r\n<p>&nbsp;<\/p>\r\n<p><strong><img loading=\"lazy\" decoding=\"async\" class=\" wp-image-267 aligncenter\" src=\"https:\/\/laboratoriorabin.eu\/wp-content\/uploads\/2026\/02\/sereni-anna.jpg\" alt=\"\" width=\"280\" height=\"157\" srcset=\"https:\/\/laboratoriorabin.eu\/wp-content\/uploads\/2026\/02\/sereni-anna.jpg 474w, https:\/\/laboratoriorabin.eu\/wp-content\/uploads\/2026\/02\/sereni-anna-300x168.jpg 300w\" sizes=\"auto, (max-width: 280px) 100vw, 280px\" \/><\/strong><\/p>\r\n<p><strong>Sereni Anna &#8211;<\/strong> archeologa medievale<\/p>\r\n<p><em>Docente all&#8217;Universit\u00e0 degli Studi di Enna &#8220;Kore&#8221; di Enna<\/em><\/p>\r\n<p>&nbsp;<\/p>\r\n<p><img loading=\"lazy\" decoding=\"async\" class=\" wp-image-255 aligncenter\" src=\"https:\/\/laboratoriorabin.eu\/wp-content\/uploads\/2026\/02\/lia.jpg\" alt=\"\" width=\"156\" height=\"146\" srcset=\"https:\/\/laboratoriorabin.eu\/wp-content\/uploads\/2026\/02\/lia.jpg 444w, https:\/\/laboratoriorabin.eu\/wp-content\/uploads\/2026\/02\/lia-300x281.jpg 300w\" sizes=\"auto, (max-width: 156px) 100vw, 156px\" \/><\/p>\r\n<p><strong>Tagliacozzo<\/strong>\u00a0<strong>Lia <\/strong>&#8211; giornalista<\/p>\r\n<p><em>Figlia di due sopravvissuti alla Shoah, esperta di cultura ebraica, collabora con diverse testate, tra cui Il Manifesto\u00a0e\u00a0Confronti. Ha lavorato nel settore culturale delle istituzioni ebraiche e si \u00e8 dedicata alla divulgazione, partecipando a incontri con gli studenti nelle scuole e attraverso i suoi libri rivolti soprattutto ai bambini e ai giovani. Tra questi:\u00a0Il mistero della buccia d&#8217;arancia\u00a0(2017),\u00a0La Shoah e il Giorno della Memoria\u00a0(2017) e\u00a0La generazione del deserto. Storie di famiglia, di giusti e di infami durante le persecuzioni razziali in Italia\u00a0(2020).<\/em><\/p>\r\n<p>&nbsp;<\/p>\r\n<p><strong><img loading=\"lazy\" decoding=\"async\" class=\"wp-image-295 aligncenter\" src=\"https:\/\/laboratoriorabin.eu\/wp-content\/uploads\/2026\/02\/valeriatermini.jpg\" alt=\"\" width=\"182\" height=\"182\" srcset=\"https:\/\/laboratoriorabin.eu\/wp-content\/uploads\/2026\/02\/valeriatermini.jpg 400w, https:\/\/laboratoriorabin.eu\/wp-content\/uploads\/2026\/02\/valeriatermini-300x300.jpg 300w, https:\/\/laboratoriorabin.eu\/wp-content\/uploads\/2026\/02\/valeriatermini-150x150.jpg 150w\" sizes=\"auto, (max-width: 182px) 100vw, 182px\" \/><\/strong><\/p>\r\n<p><strong>Termini Valeria<\/strong> &#8211; economista<\/p>\r\n<p><em>\u00a0ordinaria di Economia Politica presso l&#8217;Universit\u00e0 Roma Tre\u00a0<\/em><\/p>\r\n<p><a href=\"https:\/\/www.valeriatermini.it\/\">leggi di pi\u00f9<\/a><\/p>\r\n<p>&nbsp;<\/p>\r\n<h3><a href=\"https:\/\/laboratoriorabin.eu\/\"><strong>Torna alla Home<\/strong><\/a><\/h3>\r\n<\/div>\r\n<!-- \/wp:post-content -->","protected":false},"excerpt":{"rendered":"<p>(pagina in progress) Il cuore del Laboratorio \u00e8 rappresentato dal Comitato scientifico, formato da circa 40 donne e uomini della cultura, della politica, delle professioni, con differenti profili accademici e politici, che condividono un comune impegno nella ricerca e nell\u2019attivismo. Le funzioni di proposta, coordinamento ed esecuzione sono affidate a un Consiglio direttivo. Il laboratorio [&hellip;]<\/p>\n","protected":false},"author":1,"featured_media":0,"parent":0,"menu_order":0,"comment_status":"closed","ping_status":"closed","template":"","meta":{"footnotes":""},"class_list":["post-19","page","type-page","status-publish","hentry"],"_links":{"self":[{"href":"https:\/\/laboratoriorabin.eu\/index.php\/wp-json\/wp\/v2\/pages\/19","targetHints":{"allow":["GET"]}}],"collection":[{"href":"https:\/\/laboratoriorabin.eu\/index.php\/wp-json\/wp\/v2\/pages"}],"about":[{"href":"https:\/\/laboratoriorabin.eu\/index.php\/wp-json\/wp\/v2\/types\/page"}],"author":[{"embeddable":true,"href":"https:\/\/laboratoriorabin.eu\/index.php\/wp-json\/wp\/v2\/users\/1"}],"replies":[{"embeddable":true,"href":"https:\/\/laboratoriorabin.eu\/index.php\/wp-json\/wp\/v2\/comments?post=19"}],"version-history":[{"count":75,"href":"https:\/\/laboratoriorabin.eu\/index.php\/wp-json\/wp\/v2\/pages\/19\/revisions"}],"predecessor-version":[{"id":436,"href":"https:\/\/laboratoriorabin.eu\/index.php\/wp-json\/wp\/v2\/pages\/19\/revisions\/436"}],"wp:attachment":[{"href":"https:\/\/laboratoriorabin.eu\/index.php\/wp-json\/wp\/v2\/media?parent=19"}],"curies":[{"name":"wp","href":"https:\/\/api.w.org\/{rel}","templated":true}]}}